{"id":24958,"date":"2023-03-05T21:02:46","date_gmt":"2023-03-05T20:02:46","guid":{"rendered":"https:\/\/www.chateau-stmaurice.ch\/site\/?page_id=24958"},"modified":"2024-11-26T11:38:18","modified_gmt":"2024-11-26T10:38:18","slug":"exposition-les-schtroumpfs","status":"publish","type":"page","link":"https:\/\/www.chateau-stmaurice.ch\/site\/exposition-les-schtroumpfs\/","title":{"rendered":"Exposition \u00ab\u00a0Les Schtroumpfs\u00a0\u00bb"},"content":{"rendered":"<p>[vc_row row_type=\u00a0\u00bbrow\u00a0\u00bb use_row_as_full_screen_section=\u00a0\u00bbno\u00a0\u00bb type=\u00a0\u00bbfull_width\u00a0\u00bb text_align=\u00a0\u00bbleft\u00a0\u00bb background_animation=\u00a0\u00bbnone\u00a0\u00bb css_animation=\u00a0\u00bb\u00a0\u00bb][vc_column width=\u00a0\u00bb1\/2&Prime;][vc_single_image image=\u00a0\u00bb24960&Prime; img_size=\u00a0\u00bbfull\u00a0\u00bb qode_css_animation=\u00a0\u00bb\u00a0\u00bb][vc_empty_space][\/vc_column][vc_column width=\u00a0\u00bb1\/2&Prime;][vc_column_text]<\/p>\n<div>\n<h4>du 1<sup>er\u00a0<\/sup>avril au 19 novembre 2023<\/h4>\n<\/div>\n<div>\n<p>&nbsp;<\/p>\n<p style=\"font-weight: 400;\"><strong>R\u00e9alis\u00e9e pour c\u00e9l\u00e9brer les 65 ans de la cr\u00e9ation des Schtroumpfs, cette nouvelle exposition originale du Ch\u00e2teau porte un \u00e9clairage aussi ludique que didactique sur leur histoire, leur incroyable univers et leurs foisonnantes d\u00e9clinaisons. N\u00e9s du trait de g\u00e9nie de l\u2019auteur belge Peyo (1928-1992), ils ont fait leur \u00ab grande petite entr\u00e9e \u00bb en octobre 1958 dans le journal <em>Spirou<\/em>, comme personnages secondaires de la s\u00e9rie humoristique et moyen\u00e2geuse <em>Johan et Pirlouit<\/em>.<\/strong><\/p>\n<p>&nbsp;<\/p>\n<p style=\"font-weight: 400;\">Apr\u00e8s plus de 40 albums, 400 \u00e9pisodes de dessins anim\u00e9s, 5 films, la vente de plus de 100 millions de leurs figurines, un nombre infini de d\u00e9clinaisons et leur incursion \u00e0 venir dans le metavers (monde virtuel), ces personnages hauts comme trois pommes (\u00e0 peine 19 cm) repr\u00e9sentent le plus grand succ\u00e8s d\u2019une cr\u00e9ation europ\u00e9enne dessin\u00e9e dans le monde ! Ils sont aussi, \u00e0 n\u2019en point douter, l\u2019unes de ic\u00f4nes majeures de la pop culture.<\/p>\n<p>&nbsp;<\/p>\n<p style=\"font-weight: 400;\">Majoritairement dirig\u00e9e vers les premiers albums des Schtroumpfs, soit les \u0153uvres imagin\u00e9es par Peyo et son studio, l\u2019exposition a \u00e9t\u00e9 pens\u00e9e sp\u00e9cialement par et pour le Ch\u00e2teau de St-Maurice, avec le pr\u00e9cieux soutien documentaire d\u2019<strong>IMPS<\/strong>, la soci\u00e9t\u00e9 cr\u00e9\u00e9e par la fille de Peyo, V\u00e9ronique Culliford. Un tr\u00e8s color\u00e9 premier \u00e9tage &#8211; anim\u00e9 d\u2019informations et de documents historiques, d\u2019une galerie de portraits, d\u2019une section de \u00ab\u00a0schtroumpfologie\u00a0\u00bb, de projections et de diverses collections &#8211; est principalement mus\u00e9al. Au deuxi\u00e8me niveau, situ\u00e9 dans les combles, un espace interactif &#8211; ateliers autonomes de dessin, jeux et bien \u00e9videmment une grande biblioth\u00e8que de livres 100% schtroumpfs &#8211; est \u00e9galement l\u2019\u00e9crin des travaux d\u2019une trentaine d\u2019\u00e9l\u00e8ves de la fili\u00e8re Graphiste de l\u2019<strong>EDHEA<\/strong> (Ecole de design et Haute \u00e9cole d\u2019art du Valais), invit\u00e9\u00b7e\u00b7s \u00e0 revisiter la fameuse figurine \u00e0 taille r\u00e9elle des Schtroumpfs, sur le th\u00e8me de m\u00e9tiers connus ou imaginaires.<\/p>\n<p>&nbsp;<\/p>\n<\/div>\n<p>Con\u00e7ue pour pouvoir approcher le plus simplement possible l\u2019univers des Schtroumpfs, l\u2019exposition se destine autant aux familles qu\u2019aux amoureuses et amoureux \u00e9ternels des petits \u00eatres bleus. Elle se veut, \u00e0 l\u2019instar du propos habituel du Ch\u00e2teau de St-Maurice, une invitation \u00e0 une joyeuse immersion dans un univers de beaux traits, d\u2019humour et de po\u00e9sie.[\/vc_column_text][vc_empty_space][\/vc_column][vc_column][\/vc_column][\/vc_row][vc_row row_type=\u00a0\u00bbrow\u00a0\u00bb use_row_as_full_screen_section=\u00a0\u00bbno\u00a0\u00bb type=\u00a0\u00bbfull_width\u00a0\u00bb text_align=\u00a0\u00bbleft\u00a0\u00bb background_animation=\u00a0\u00bbnone\u00a0\u00bb css_animation=\u00a0\u00bb\u00a0\u00bb][vc_column][vc_row_inner row_type=\u00a0\u00bbrow\u00a0\u00bb type=\u00a0\u00bbfull_width\u00a0\u00bb use_row_as_full_screen_section_slide=\u00a0\u00bbno\u00a0\u00bb text_align=\u00a0\u00bbleft\u00a0\u00bb css_animation=\u00a0\u00bb\u00a0\u00bb][vc_column_inner offset=\u00a0\u00bbvc_hidden-lg vc_hidden-md vc_hidden-sm vc_hidden-xs\u00a0\u00bb][vc_empty_space][vc_column_text]<\/p>\n<div>\n<p style=\"font-weight: 400;\">A d\u00e9couvrir <strong>du 1<sup>er<\/sup> avril au 19 novembre 2023, du mardi au samedi de 13h30 \u00e0 17h30, le dimanche de 11h \u00e0 17h.<\/strong><\/p>\n<p>&nbsp;<\/p>\n<p style=\"font-weight: 400;\">Ouverture <strong>du lundi au dimanche d\u00e8s 11h pendant les p\u00e9riodes de vacances scolaires.<\/strong><\/p>\n<\/div>\n<p>[\/vc_column_text][vc_empty_space][vc_column_text]<\/p>\n<div>\n<p style=\"font-weight: 400;\"><a href=\"https:\/\/www.chateau-stmaurice.ch\/site\/tarifs\/\"><strong>Tarifs<\/strong><\/a><\/p>\n<\/div>\n<div>\n<p><strong><a href=\"https:\/\/www.chateau-stmaurice.ch\/site\/horaires-2\/\">Jours d\u2019ouverture et horaires<\/a><\/strong><\/p>\n<\/div>\n<p>[\/vc_column_text][vc_empty_space][\/vc_column_inner][\/vc_row_inner][vc_row_inner row_type=\u00a0\u00bbrow\u00a0\u00bb type=\u00a0\u00bbfull_width\u00a0\u00bb use_row_as_full_screen_section_slide=\u00a0\u00bbno\u00a0\u00bb text_align=\u00a0\u00bbleft\u00a0\u00bb css_animation=\u00a0\u00bb\u00a0\u00bb][vc_column_inner][vc_gallery type=\u00a0\u00bbimage_grid\u00a0\u00bb images=\u00a0\u00bb25084,25086,25076,25077,25072&Prime; img_size=\u00a0\u00bbfull\u00a0\u00bb column_number=\u00a0\u00bb5&Prime; grayscale=\u00a0\u00bbno\u00a0\u00bb space_between_images=\u00a0\u00bbyes\u00a0\u00bb][\/vc_column_inner][\/vc_row_inner][vc_empty_space][vc_gallery type=\u00a0\u00bbimage_grid\u00a0\u00bb images=\u00a0\u00bb25074,25073,25085,25080,25069&Prime; img_size=\u00a0\u00bbfull\u00a0\u00bb column_number=\u00a0\u00bb5&Prime; grayscale=\u00a0\u00bbno\u00a0\u00bb space_between_images=\u00a0\u00bbyes\u00a0\u00bb][\/vc_column][\/vc_row][vc_row row_type=\u00a0\u00bbrow\u00a0\u00bb use_row_as_full_screen_section=\u00a0\u00bbno\u00a0\u00bb type=\u00a0\u00bbfull_width\u00a0\u00bb text_align=\u00a0\u00bbleft\u00a0\u00bb background_animation=\u00a0\u00bbnone\u00a0\u00bb css_animation=\u00a0\u00bb\u00a0\u00bb][vc_column][vc_empty_space][\/vc_column][\/vc_row]<\/p>\n","protected":false},"excerpt":{"rendered":"<p>[vc_row row_type=\u00a0\u00bbrow\u00a0\u00bb use_row_as_full_screen_section=\u00a0\u00bbno\u00a0\u00bb type=\u00a0\u00bbfull_width\u00a0\u00bb text_align=\u00a0\u00bbleft\u00a0\u00bb background_animation=\u00a0\u00bbnone\u00a0\u00bb css_animation=\u00a0\u00bb\u00a0\u00bb][vc_column width=\u00a0\u00bb1\/2&Prime;][vc_single_image image=\u00a0\u00bb24960&Prime; img_size=\u00a0\u00bbfull\u00a0\u00bb qode_css_animation=\u00a0\u00bb\u00a0\u00bb][vc_empty_space][\/vc_column][vc_column width=\u00a0\u00bb1\/2&Prime;][vc_column_text] du 1er\u00a0avril au 19 novembre 2023 &nbsp; R\u00e9alis\u00e9e pour c\u00e9l\u00e9brer les 65 ans de la cr\u00e9ation des Schtroumpfs, cette nouvelle exposition originale du Ch\u00e2teau porte un \u00e9clairage aussi ludique que didactique sur leur&#8230;<\/p>\n","protected":false},"author":3,"featured_media":0,"parent":0,"menu_order":0,"comment_status":"closed","ping_status":"closed","template":"","meta":{"footnotes":""},"_links":{"self":[{"href":"https:\/\/www.chateau-stmaurice.ch\/site\/wp-json\/wp\/v2\/pages\/24958"}],"collection":[{"href":"https:\/\/www.chateau-stmaurice.ch\/site\/wp-json\/wp\/v2\/pages"}],"about":[{"href":"https:\/\/www.chateau-stmaurice.ch\/site\/wp-json\/wp\/v2\/types\/page"}],"author":[{"embeddable":true,"href":"https:\/\/www.chateau-stmaurice.ch\/site\/wp-json\/wp\/v2\/users\/3"}],"replies":[{"embeddable":true,"href":"https:\/\/www.chateau-stmaurice.ch\/site\/wp-json\/wp\/v2\/comments?post=24958"}],"version-history":[{"count":30,"href":"https:\/\/www.chateau-stmaurice.ch\/site\/wp-json\/wp\/v2\/pages\/24958\/revisions"}],"predecessor-version":[{"id":26112,"href":"https:\/\/www.chateau-stmaurice.ch\/site\/wp-json\/wp\/v2\/pages\/24958\/revisions\/26112"}],"wp:attachment":[{"href":"https:\/\/www.chateau-stmaurice.ch\/site\/wp-json\/wp\/v2\/media?parent=24958"}],"curies":[{"name":"wp","href":"https:\/\/api.w.org\/{rel}","templated":true}]}}