{"id":24082,"date":"2021-04-04T14:09:06","date_gmt":"2021-04-04T12:09:06","guid":{"rendered":"https:\/\/www.chateau-stmaurice.ch\/site\/?page_id=24082"},"modified":"2026-04-08T12:11:45","modified_gmt":"2026-04-08T10:11:45","slug":"medias","status":"publish","type":"page","link":"https:\/\/www.chateau-stmaurice.ch\/site\/medias\/","title":{"rendered":"Revue de presse"},"content":{"rendered":"<p>[vc_row row_type=\u00a0\u00bbrow\u00a0\u00bb use_row_as_full_screen_section=\u00a0\u00bbno\u00a0\u00bb type=\u00a0\u00bbfull_width\u00a0\u00bb text_align=\u00a0\u00bbleft\u00a0\u00bb background_animation=\u00a0\u00bbnone\u00a0\u00bb css_animation=\u00a0\u00bb\u00a0\u00bb][vc_column][vc_column_text]<\/p>\n<h4>EXPOSITION \u00a0\u00ab\u00a0LUCKY LUKE AU CH\u00c2TEAU DE ST-MAURICE\u00a0\u00bb , 2026<\/h4>\n<p>[\/vc_column_text][vc_empty_space][vc_column_text]<\/p>\n<div class=\"wpb_text_column wpb_content_element \">\n<div class=\"wpb_wrapper\">\n<p>&nbsp;<\/p>\n<p><a href=\"https:\/\/www.rts.ch\/play\/tv\/19h30\/video\/lucky-luke-fete-ses-80-ans-au-chateau-de-saint-maurice?urn=urn%3Arts%3Avideo%3A584245ca-9f53-3ebe-b958-4949b96c557a\" target=\"_blank\" rel=\"noopener\"><strong>Lucky Luke f\u00eate ses 80 ans au ch\u00e2teau de St-Maurice<\/strong><br \/>\n<\/a><em>19.30 RTS, 06.04.26<\/em><\/p>\n<p>&nbsp;<\/p>\n<p><strong><a href=\"https:\/\/www.rts.ch\/audio-podcast\/2026\/audio\/l-invite-philippe-duvanel-29203526.html\" target=\"_blank\" rel=\"noopener\">L&rsquo;invit\u00e9 &#8211; Philippe Duvanel<\/a><\/strong><br \/>\n<em>6 &#8211; 10 le samedi RTS <\/em><i>podcast, 04.04.26<\/i><\/p>\n<p>&nbsp;<\/p>\n<p><strong><a href=\"https:\/\/www.laliberte.ch\/articles\/culture\/livres\/lucky-luke-la-fine-gachette-fete-ses-80-nbsp-ans-1338985\" target=\"_blank\" rel=\"noopener\">Lucky Luke, la fine g\u00e2chette f\u00eate ses 80 ans<\/a><\/strong><i><br \/>\n<\/i><\/p>\n<p><i>Lalibert\u00e9.ch, 03.04.26<\/i><\/p>\n<\/div>\n<\/div>\n<div class=\"wpb_text_column wpb_content_element \">\n<div class=\"wpb_wrapper\">\n<p>&nbsp;<\/p>\n<p><strong><a href=\"https:\/\/www.rts.ch\/play\/tv\/couleurs-locales\/video\/couleurs-locales?urn=urn:rts:video:6f1c8584-d010-3fde-9595-14c5e8f981e4\" target=\"_blank\" rel=\"noopener\">\u00ab Lucky Luke \u00bb au Ch\u00e2teau de St-Maurice<\/a><\/strong><br \/>\n<em>Couleur local, 31.03.26<\/em><\/p>\n<p>&nbsp;<\/p>\n<p><a href=\"https:\/\/avenue.argusdatainsights.ch\/Article\/HtmlClipping?artikelHash=243403968b3d4b29add93a01196e9507_6843CE150C0F544E4F38F00AC19FD078&amp;noMobile=1\"><strong>L\u2019univers de Lucky Luke<\/strong><br \/>\n<\/a><em>Radio Chablais 30.03.26<\/em><\/p>\n<p>&nbsp;<\/p>\n<p><a href=\"https:\/\/www.lematin.ch\/story\/bande-dessinee-avec-lucky-luke-c-est-devenu-le-chateau-de-saint-morris-103534577\" target=\"_blank\" rel=\"noopener\"><strong>Avec Lucky Luke, c\u2019est devenu le ch\u00e2teau de Saint-Morris<\/strong><br \/>\n<\/a><em>Le matin.ch, 27.03.26<\/em><\/p>\n<p>&nbsp;<\/p>\n<p><strong><a href=\"https:\/\/latele.ch\/articles\/st-maurice-huit-mois-pour-se-plonger-dans-l-univers-de-lucky-luke\" target=\"_blank\" rel=\"noopener\">Exposition Lucky Luke au ch\u00e2teau de St-Maurice<br \/>\n<\/a><\/strong><em>la t\u00e9l\u00e9.ch, 26.03.26<\/em><\/p>\n<p>&nbsp;<\/p>\n<p><a href=\"https:\/\/www.lemanbleu.ch\/fr\/Actualite\/Culture\/St-Maurice-huit-mois-pour-se-plonger-dans-l-univers-de-Lucky-Luke.html\" target=\"_blank\" rel=\"noopener\"><strong>St-Maurice: huit mois pour se plonger dans l\u2019univers de Lucky Luke<\/strong><br \/>\n<\/a><em>Lemanbleu.ch, 26.03.26<\/em><\/p>\n<p>&nbsp;<\/p>\n<p><a href=\"https:\/\/canal9.ch\/fr\/saint-maurice-lucky-luke-debarque-au-chateau\/\" target=\"_blank\" rel=\"noopener\"><strong>Saint-Maurice: Lucky Luke d\u00e9barque au Ch\u00e2teau<\/strong><br \/>\n<\/a><em>Canal 9, 26.03.26<\/em><\/p>\n<\/div>\n<\/div>\n<p>[\/vc_column_text][vc_empty_space][vc_separator type=\u00a0\u00bbnormal\u00a0\u00bb border_style=\u00a0\u00bb\u00a0\u00bb][vc_column_text]<\/p>\n<h4>Exposition \u00a0\u00bb Ast\u00e9rix au Ch\u00e2teau de St-Maurice \u00ab\u00a0, 2025<\/h4>\n<p>[\/vc_column_text][vc_empty_space][vc_column_text]<strong><a href=\"https:\/\/www.rts.ch\/play\/tv\/couleurs-locales\/video\/interview-de-goscinny-et-uderzo-a-propos-de-lhumour-dans-asterix?urn=urn:rts:video:7684de30-14f5-3917-b4db-b5171f37706b\" target=\"_blank\" rel=\"noopener\">Interview de Goscinny et Uderzo \u00e0 propos de l&rsquo;humour dans Asterix<\/a><br \/>\n<\/strong><em>Couleurs Locales, 30.04.25<\/em><\/p>\n<p>&nbsp;<\/p>\n<p><strong><a href=\"https:\/\/www.rsi.ch\/rete-due\/programmi\/cultura\/alphaville\/Asterix-in-Elvezia--2677706.html\" target=\"_blank\" rel=\"noopener\">Asterix in Elvezia<\/a><\/strong><br \/>\n<em>RSI, 14.04.25<\/em><\/p>\n<p>&nbsp;<\/p>\n<p><strong><a href=\"https:\/\/www.rts.ch\/info\/culture\/arts-visuels\/2025\/article\/asterix-s-expose-en-suisse-65-ans-de-gauloiseries-a-saint-maurice-28844729.html\" target=\"_blank\" rel=\"noopener\">Ast\u00e9rix est de retour chez les Helv\u00e8tes le temps d&rsquo;une exposition \u00e0 Saint-Maurice<\/a><\/strong><br \/>\n<em>RTS, 07.04.25<\/em><\/p>\n<p>&nbsp;<\/p>\n<p><a href=\"https:\/\/www.chateau-stmaurice.ch\/site\/wp-content\/uploads\/2025\/05\/Lematindimanche.pdf\" target=\"_blank\" rel=\"noopener\"><strong>Pour sa premi\u00e8re expo suisse, Ast\u00e9rix a choisi le Valais<\/strong><br \/>\n<\/a><em>Le Matin Dimanche, 06.04.25<\/em><\/p>\n<p>&nbsp;<\/p>\n<p><strong><a href=\"https:\/\/www.chateau-stmaurice.ch\/site\/wp-content\/uploads\/2025\/05\/Letemps.pdf\" target=\"_blank\" rel=\"noopener\">Ast\u00e9rix, potion sans fronti\u00e8res<br \/>\n<\/a><\/strong><em>Le Temps, 05.04.25<\/em><\/p>\n<p>&nbsp;<\/p>\n<p><strong><a href=\"https:\/\/www.lematin.ch\/story\/bande-dessinee-asterix-revient-enfin-en-suisse-55-ans-apres-103317236\" target=\"_blank\" rel=\"noopener\">Ast\u00e9rix revient enfin en Suisse, 55 ans apr\u00e8s<\/a><\/strong><br \/>\n<em>Le Matin, 04.04.25<\/em><\/p>\n<p>&nbsp;<\/p>\n<p><em><strong><a href=\"https:\/\/www.chateau-stmaurice.ch\/site\/wp-content\/uploads\/2025\/05\/Le-Nouvelliste-.pdf\">Ast\u00e9rix au Ch\u00e2teau de<\/a><\/strong><\/em><strong><a href=\"https:\/\/www.chateau-stmaurice.ch\/site\/wp-content\/uploads\/2025\/05\/Le-Nouvelliste-.pdf\"> Saint<\/a><\/strong><strong><a href=\"https:\/\/www.chateau-stmaurice.ch\/site\/wp-content\/uploads\/2025\/05\/Le-Nouvelliste-.pdf\">-Maurice:<\/a><\/strong><em><strong><a href=\"https:\/\/www.chateau-stmaurice.ch\/site\/wp-content\/uploads\/2025\/05\/Le-Nouvelliste-.pdf\"> \u00abC\u2019est une \u0153uvre gigantesque, on a envie de tout montrer\u00bb<\/a><br \/>\n<\/strong>Le Nouvelliste, 03.04.25<\/em><\/p>\n<p>&nbsp;<\/p>\n<p><strong><a href=\"https:\/\/radiochablais.ch\/infos\/chablais\/100155-expo-a-saint-maurice-tout-le-chateau-est-occupe-par-asterix-du-5-avril-au-16-novembre-2025?highlight=WyJhc3RcdTAwZTlyaXgiXQ==\" target=\"_blank\" rel=\"noopener\">Expo \u00e0 Saint-Maurice: tout le ch\u00e2teau est occup\u00e9 par \u2026 Ast\u00e9rix, du 5 avril au 16 novembre 2025<\/a><\/strong><br \/>\n<em>Radio Chablais, 02.04.25<\/em><\/p>\n<p>&nbsp;<\/p>\n<p><strong><a href=\"https:\/\/www.rhonefm.ch\/valais\/asterix-obelix-et-compagnie-invites-au-chateau-de-st-maurice-jusqu-en-automne-972032\" target=\"_blank\" rel=\"noopener\">Ast\u00e9rix, Ob\u00e9lix et compagnie invit\u00e9s au Ch\u00e2teau de St-Maurice jusqu&rsquo;en automne<\/a><\/strong><br \/>\n<em>Rh\u00f4ne FM, 02.04.25<\/em><\/p>\n<p>[\/vc_column_text][vc_empty_space][vc_separator type=\u00a0\u00bbnormal\u00a0\u00bb border_style=\u00a0\u00bb\u00a0\u00bb][vc_column_text]<\/p>\n<h4>Exposition \u00ab\u00a0Zep au Ch\u00e2teau de St-Maurice\u00a0\u00bb, 2024<\/h4>\n<p>[\/vc_column_text][vc_empty_space][vc_column_text]<a href=\"https:\/\/radiochablais.ch\/infos\/chablais\/99386-apres-le-succes-de-zep-et-de-titeuf-asterix-debarque-au-chateau-de-st-maurice\" target=\"_blank\" rel=\"noopener\"><strong>Le Ch\u00e2teau de St-Maurice a accueilli pr\u00e8s de 21\u2019000 visiteurs pour son exposition consacr\u00e9e \u00e0 Zep, le cr\u00e9ateur de Titeuf<\/strong><\/a><\/p>\n<p><em>Radio Chablais, 18.11.24<\/em><\/p>\n<p>&nbsp;<\/p>\n<p class=\"h1\"><a href=\"https:\/\/www.lenouvelliste.ch\/valais\/chablais-valaisan\/saint-maurice-district\/saint-maurice-commune\/21000-visiteurs-pour-zep-au-chateau-de-saint-maurice-asterix-en-2025-1427887\" target=\"_blank\" rel=\"noopener\"><strong>21\u00a0000 visiteurs pour Zep au Ch\u00e2teau de Saint-Maurice: Ast\u00e9rix en 2025<\/strong><\/a><\/p>\n<p><em>Le Nouvelliste, 18.11.24<\/em><\/p>\n<p>&nbsp;<\/p>\n<p style=\"font-weight: 400;\"><a href=\"https:\/\/radiochablais.ch\/infos\/chablais\/99288-rencontre-avec-zep-le-papa-de-titeuf-a-saint-maurice?highlight=WyJ6ZXAiXQ==\" target=\"_blank\" rel=\"noopener\"><strong>Rencontre avec Zep, le papa de Titeuf, \u00e0 Saint-Maurice<\/strong><\/a><\/p>\n<p><em>Radio Chablais, 01.11.24<\/em><\/p>\n<p>&nbsp;<\/p>\n<p><a href=\"https:\/\/www.rts.ch\/audio-podcast\/2024\/audio\/zep-auteur-de-bd-28610940.html\" target=\"_blank\" rel=\"noopener\"><strong>Zep, auteur de BD<\/strong><\/a><\/p>\n<p><em>RTS, Dr\u00f4le d&rsquo;\u00e9poque, 27.08.24<\/em><\/p>\n<p>&nbsp;<\/p>\n<p class=\"sc-1aphhe5-1 yCwbl\"><a href=\"https:\/\/www.chateau-stmaurice.ch\/site\/wp-content\/uploads\/2024\/07\/paris-match_2406.pdf\" target=\"_blank\" rel=\"noopener\"><strong>Zep de A \u00e0 Z<\/strong><\/a><\/p>\n<p><em>Paris Match Suisse, 06.24<\/em><\/p>\n<p>&nbsp;<\/p>\n<p class=\"sc-1aphhe5-1 yCwbl\"><a href=\"https:\/\/www.rts.ch\/audio-podcast\/2024\/audio\/l-invite-vive-le-printemps-avec-zep-28517560.html\" target=\"_blank\" rel=\"noopener\"><strong>Vive le printemps, avec Zep !<\/strong><\/a><\/p>\n<p><em>RTS, Vertigo, 27.05.24<\/em><\/p>\n<p>&nbsp;<\/p>\n<p class=\"main_title\"><a href=\"https:\/\/www.mlemedia.ch\/videos\/l-art-de-zep-s-expose-au-chateau-de-st-maurice-1336\" target=\"_blank\" rel=\"noopener\"><strong>L&rsquo;art de Zep s&rsquo;expose au Ch\u00e2teau de St-Maurice<\/strong><\/a><\/p>\n<p><em>M Le M\u00e9dia, 6\/9 de Morax, 22.04.2024<\/em><\/p>\n<p>&nbsp;<\/p>\n<p class=\"entry-title\"><a href=\"https:\/\/planscultes.ch\/zep-la-musique-na-toujours-ete-quune-petite-portion-de-ma-vie-parce-quelle-etait-envahie-par-le-dessin\/\" target=\"_blank\" rel=\"noopener\"><strong>Zep\u00a0: \u00ab\u00a0La musique n\u2019a toujours \u00e9t\u00e9 qu\u2019une petite portion de ma vie, parce qu\u2019elle \u00e9tait envahie par le dessin\u00a0\u00bb<\/strong><\/a><\/p>\n<p><strong><a href=\"https:\/\/planscultes.ch\/galerie-photo-zep-au-chateau-de-saint-maurice\/\" target=\"_blank\" rel=\"noopener\">[Galerie photos]<\/a><\/strong><\/p>\n<p><em>Plans Cultes, 08.04.2024<\/em><\/p>\n<p>&nbsp;<\/p>\n<p><a href=\"https:\/\/canal9.ch\/fr\/50-nuances-de-zep-a-st-maurice-2\/\" target=\"_blank\" rel=\"noopener\"><strong>50 nuances de ZEP \u00e0 St-Maurice<\/strong><\/a><\/p>\n<p><em>Canal9, 08.04.2024<\/em><\/p>\n<p>&nbsp;<\/p>\n<p class=\"sc-1aphhe5-1 yCwbl\"><a href=\"https:\/\/www.rts.ch\/play\/tv\/12h45\/video\/zep-le-pere-de-titeuf-au-chateau-de-st-maurice-vs-pour-une-exposition-transgenerationnelle?urn=urn:rts:video:14820403\" target=\"_blank\" rel=\"noopener\"><strong>Zep, le p\u00e8re de Titeuf, au ch\u00e2teau de St-Maurice (VS) pour une exposition transg\u00e9n\u00e9rationnelle<\/strong><\/a><\/p>\n<p><em>RTS, 07.04.2024<\/em><\/p>\n<p>&nbsp;<\/p>\n<p><a href=\"https:\/\/www.chateau-stmaurice.ch\/site\/wp-content\/uploads\/2024\/04\/lematindimanche_240407.pdf\" target=\"_blank\" rel=\"noopener\"><strong>C&rsquo;est \u00e9trange de vivre \u00e0 travers Titeuf<\/strong><\/a><\/p>\n<p><em>La Matin Dimanche, 07.04.2024<\/em><\/p>\n<p>&nbsp;<\/p>\n<p><a href=\"https:\/\/www.chateau-stmaurice.ch\/site\/wp-content\/uploads\/2024\/04\/tdg_240406-07.pdf\" target=\"_blank\" rel=\"noopener\"><strong>Zep plonge dans ses archives<\/strong><\/a><\/p>\n<p><em>Tribune de Gen\u00e8ve, 06-07.04.2024<\/em><\/p>\n<p>&nbsp;<\/p>\n<p><strong><a href=\"https:\/\/www.chateau-stmaurice.ch\/site\/wp-content\/uploads\/2024\/04\/letemps_240405.pdf\" target=\"_blank\" rel=\"noopener\">Zep c\u00f4t\u00e9 coulisses entre les murs du Ch\u00e2teau de St-Maurice<\/a><\/strong><\/p>\n<p><em>Le Temps, 05.04.2024<\/em><\/p>\n<p>&nbsp;<\/p>\n<p><a href=\"https:\/\/www.chateau-stmaurice.ch\/site\/wp-content\/uploads\/2024\/04\/lenouvelliste_240405.pdf\" target=\"_blank\" rel=\"noopener\"><strong>L&rsquo;enfance potache de Zep\u00a0au ch\u00e2teau de Saint-Maurice<\/strong><\/a><\/p>\n<p><em>Le Nouvelliste, 05.04.2024<\/em>[\/vc_column_text][vc_empty_space][vc_separator type=\u00a0\u00bbnormal\u00a0\u00bb border_style=\u00a0\u00bb\u00a0\u00bb][vc_column_text]<\/p>\n<h4>Exposition \u00ab\u00a0Les Schtroumpfs\u00a0\u00bb, 2023<\/h4>\n<p>[\/vc_column_text][vc_empty_space][vc_column_text]<strong><a href=\"https:\/\/www.rhonefm.ch\/actualites\/les-schtroumpfs-sont-au-chateau-de-st-maurice\" target=\"_blank\" rel=\"noopener\">Les Schtroumpfs sont au Ch\u00e2teau de Saint-Maurice !<\/a><\/strong><\/p>\n<p><em>Rh\u00f4ne FM, 03.08.2023<\/em><\/p>\n<p>&nbsp;<\/p>\n<p><strong><a href=\"https:\/\/www.chateau-stmaurice.ch\/site\/wp-content\/uploads\/2023\/08\/LAgenda-103-Les-Schtroumpfs-Saint-Maurice.pdf\" target=\"_blank\" rel=\"noopener\">Saint-Maurice voit bleu<\/a><\/strong><\/p>\n<p><em>L&rsquo;Agenda. La culture romande sous tous les angles, 07\/08.2023<\/em><\/p>\n<p>&nbsp;<\/p>\n<p><strong><a href=\"https:\/\/canal9.ch\/fr\/a-saint-maurice-une-exposition-schtroumpfante\/?fbclid=PAAabGjaOILDn349aaZnQUmaELue3yxciR5MRTW95ummQdSUwK0nZUhqO6Si8\" target=\"_blank\" rel=\"noopener\">A Saint-Maurice, une exposition schtroumpfante<\/a><\/strong><\/p>\n<p><em>Canal 9, 02.04.2023<\/em><\/p>\n<p>&nbsp;<\/p>\n<p><strong><a href=\"https:\/\/www.rts.ch\/play\/tv\/19h30\/video\/le-chateau-de-saint-maurice-vs-consacre-une-exposition-aux-schtroumpfs-a-loccasion-des-65-ans-de-la-creation-des-indemodables-lutins-bleus?urn=urn:rts:video:13913031\" target=\"_blank\" rel=\"noopener\">Le Ch\u00e2teau de St-Maurice (VS) consacre une exposition aux Schtroumpfs, \u00e0 l&rsquo;occasion des 65 ans de la cr\u00e9ation des ind\u00e9modables lutins bleus<\/a><\/strong><\/p>\n<p><em>Le 19h30, RTS Info, 02.04.2023<\/em><\/p>\n<p>&nbsp;<\/p>\n<p><strong><a href=\"https:\/\/www.lematin.ch\/story\/les-schtroumpfs-emmenagent-au-chateau-de-saint-maurice-371899565961\" target=\"_blank\" rel=\"noopener\">Les Schtroumpfs emm\u00e9nagent au ch\u00e2teau de Saint-Maurice<\/a><\/strong><\/p>\n<p><em>Le Matin, 31.03.2023<\/em><\/p>\n<p>&nbsp;<\/p>\n<p><strong><a href=\"https:\/\/www.chateau-stmaurice.ch\/site\/wp-content\/uploads\/2023\/03\/riviera-chablais_2203.png\" target=\"_blank\" rel=\"noopener\">Les Schtroumpfs f\u00eatent leurs 65 ans<\/a><\/strong><\/p>\n<p><em>Riviera Chablais, \u00a022-28.02.202<\/em>[\/vc_column_text][vc_empty_space][vc_separator type=\u00a0\u00bbnormal\u00a0\u00bb border_style=\u00a0\u00bb\u00a0\u00bb][vc_column_text]<\/p>\n<h4>Exposition \u00ab\u00a0Dr\u00f4les de chats\u00a0\u00bb, 2022<\/h4>\n<p>[\/vc_column_text][vc_empty_space][vc_column_text]<strong><a href=\"https:\/\/www.lenouvelliste.ch\/valais\/chablais-valaisan\/saint-maurice-district\/saint-maurice-commune\/saint-maurice-plus-de-14000-visiteurs-pour-droles-de-chats-au-chateau-1235174?utm_source=native&amp;utm_medium=link&amp;utm_campaign=article&amp;utm_term=2022-11-17\" target=\"_blank\" rel=\"noopener\">Saint-Maurice: plus de 14 000 visiteurs pour \u00abDr\u00f4les de chats\u00bb au Ch\u00e2teau<\/a><\/strong><\/p>\n<p><em>Le Nouvelliste, 14.11.2022<\/em><\/p>\n<p>&nbsp;<\/p>\n<p><strong><a href=\"https:\/\/www.chateau-stmaurice.ch\/site\/wp-content\/uploads\/2022\/07\/lagenda_2207-08.pdf\" target=\"_blank\" rel=\"noopener\">Humour de chat<\/a><\/strong><\/p>\n<p><em>L&rsquo;AGENDA. La revue culturelle de l&rsquo;arc l\u00e9manique, 07\/08.2022<\/em><\/p>\n<p>&nbsp;<\/p>\n<p><strong><a href=\"https:\/\/www.rts.ch\/play\/tv\/couleurs-dete\/video\/couleurs-dete?urn=urn:rts:video:13221011\" target=\"_blank\" rel=\"noopener\">Entretien avec Jean-Pierre Coutaz et Philippe Duvanel<\/a><\/strong><\/p>\n<p><em>Couleurs d&rsquo;\u00e9t\u00e9, RTS, 04.07.2022, d\u00e8s 4&rsquo;56\u2018\u2019<\/em><\/p>\n<p>&nbsp;<\/p>\n<p><strong><a href=\"https:\/\/www.chateau-stmaurice.ch\/site\/wp-content\/uploads\/2022\/07\/le-nouvelliste.culture_2205.pdf\" target=\"_blank\" rel=\"noopener\">Et vous chat va ?<\/a><\/strong><\/p>\n<p><em>Le Nouvelliste. CULTURE, 05.2022<\/em><\/p>\n<p>&nbsp;<\/p>\n<p class=\"pageTitle\"><strong><a href=\"https:\/\/www.rfj.ch\/rfj\/Actualite\/Region\/20220412-Droles-de-Chats-au-Chateau-de-St-Maurice.html\" target=\"_blank\" rel=\"noopener\">\u00ab Dr\u00f4les de Chats \u00bb au Ch\u00e2teau de St-Maurice<\/a><\/strong><\/p>\n<p><em>RFJ, 12.04.2022<\/em><\/p>\n<p>&nbsp;<\/p>\n<p class=\"h1\"><strong><a href=\"https:\/\/www.lenouvelliste.ch\/valais\/philippe-geluck-en-visite-au-chateau-de-saint-maurice-1173278\" target=\"_blank\" rel=\"noopener\">Philippe Geluck en visite au ch\u00e2teau de Saint-Maurice<\/a><\/strong><\/p>\n<p><em>Le Nouvelliste, 11.04.2022<\/em><\/p>\n<p>&nbsp;<\/p>\n<p><strong><a href=\"https:\/\/canal9.ch\/fr\/droles-de-chats-une-exposition-feline-a-decouvrir-au-chateau-de-saint-maurice\/\" target=\"_blank\" rel=\"noopener\">Dr\u00f4les de chats: une exposition f\u00e9line \u00e0 d\u00e9couvrir au Ch\u00e2teau de Saint-Maurice<\/a><\/strong><\/p>\n<p><em>Canal9, 10.04.2022<\/em><\/p>\n<p>&nbsp;<\/p>\n<p class=\"h1\"><strong><a href=\"https:\/\/www.lenouvelliste.ch\/valais\/exposition-droles-de-chats-au-chateau-de-saint-maurice-1170989\" target=\"_blank\" rel=\"noopener\">Exposition: \u00abDr\u00f4les de chats\u00bb au Ch\u00e2teau de Saint-Maurice<\/a><\/strong><\/p>\n<p><em>Le Nouvelliste, 03.04.2022<\/em>[\/vc_column_text][vc_empty_space][vc_separator type=\u00a0\u00bbnormal\u00a0\u00bb border_style=\u00a0\u00bb\u00a0\u00bb][vc_column_text]<\/p>\n<h4>Exposition \u00ab\u00a0Pinocchio\u00a0\u00bb, 2020 &#8211; 2021<\/h4>\n<p>[\/vc_column_text][vc_empty_space][vc_column_text]<\/p>\n<p class=\"xuggoc-2 fIhjdb\"><strong><a href=\"https:\/\/canal9.ch\/fr\/expo-pinocchio-toute-la-verite-sur-le-pantin-de-bois-devenu-petit-garcon\/\" target=\"_blank\" rel=\"noopener\">Expo Pinocchio: toute la v\u00e9rit\u00e9 sur le pantin de bois devenu petit gar\u00e7on<\/a><\/strong><\/p>\n<p class=\"xuggoc-2 fIhjdb\"><em>Canal9, 23.07.2020<\/em><\/p>\n<p>&nbsp;<\/p>\n<div>\n<p class=\"xuggoc-2 fIhjdb\"><strong><a href=\"https:\/\/www.lfm.ch\/podcasts\/bon-ete-07072020-2\/\" target=\"_blank\" rel=\"noopener noreferrer\">L&rsquo;expo Pinocchio au Ch\u00e2teau de St-Maurice<\/a><\/strong><\/p>\n<p class=\"xuggoc-2 fIhjdb\"><em>LFM, 07.07.2020<\/em><\/p>\n<\/div>\n<p>&nbsp;<\/p>\n<p class=\"xuggoc-2 fIhjdb\"><strong><a href=\"https:\/\/rsi-vod-amd.akamaized.net\/ww\/13149609\/master.m3u8?start=0.0&amp;end=1736.0&amp;hdnts=exp%3D1658247569%7Eacl%3D%2Fww%2F13149609%2F*%7Ehmac%3Dcc69b8fadc6c8a509608164b47b30b4e5b595bed860db86498ee248a0f42d0de\" target=\"_blank\" rel=\"noopener\">Pinocchio in mostra<\/a><\/strong><\/p>\n<p class=\"xuggoc-2 fIhjdb\"><em>Telegiornale, RSI, 18.06.2020, d\u00e8s 25&rsquo;48<\/em>\u2018\u2019<\/p>\n<p>&nbsp;<\/p>\n<p class=\"xuggoc-2 fIhjdb\"><strong><a href=\"https:\/\/rts-vod-amd.akamaized.net\/ww\/11408631\/dd5b07ab-e1a5-3d7e-8291-abe26a99607a\/master.m3u8\" target=\"_blank\" rel=\"noopener\">Pinocchio \u00e0 St-Maurice<\/a><\/strong><\/p>\n<p><em>Le 19.30, RTS, 17.06.2020, d\u00e8s 28&rsquo;45<\/em>\u2018\u2019<\/p>\n<p>&nbsp;<\/p>\n<p class=\"xuggoc-2 fIhjdb\"><strong><a href=\"https:\/\/www.rts.ch\/play\/radio\/linvite-du-12h30\/audio\/philippe-duvanel-directeur-du-chateau-de-saint-maurice-et-hayde-dessinatrice-presentent-lexposition-sur-pinocchio?id=11388388\" target=\"_blank\" rel=\"noopener noreferrer\">Philippe Duvanel, directeur du ch\u00e2teau de St-Maurice, et Hayd\u00e9, dessinatrice, pr\u00e9sentent l\u2019exposition sur Pinocchio<\/a><\/strong><\/p>\n<p class=\"xuggoc-2 fIhjdb\"><em>L&rsquo;invit\u00e9 du 12h30, RTS, 17.06.2020<\/em><\/p>\n<p>[\/vc_column_text][vc_empty_space][\/vc_column][\/vc_row]<\/p>\n","protected":false},"excerpt":{"rendered":"<p>[vc_row row_type=\u00a0\u00bbrow\u00a0\u00bb use_row_as_full_screen_section=\u00a0\u00bbno\u00a0\u00bb type=\u00a0\u00bbfull_width\u00a0\u00bb text_align=\u00a0\u00bbleft\u00a0\u00bb background_animation=\u00a0\u00bbnone\u00a0\u00bb css_animation=\u00a0\u00bb\u00a0\u00bb][vc_column][vc_column_text] EXPOSITION \u00a0\u00ab\u00a0LUCKY LUKE AU CH\u00c2TEAU DE ST-MAURICE\u00a0\u00bb , 2026 [\/vc_column_text][vc_empty_space][vc_column_text] &nbsp; Lucky Luke f\u00eate ses 80 ans au ch\u00e2teau de St-Maurice 19.30 RTS, 06.04.26 &nbsp; L&rsquo;invit\u00e9 &#8211; Philippe Duvanel 6 &#8211; 10 le samedi RTS podcast, 04.04.26 &nbsp;&#8230;<\/p>\n","protected":false},"author":3,"featured_media":0,"parent":0,"menu_order":0,"comment_status":"closed","ping_status":"closed","template":"","meta":{"footnotes":""},"_links":{"self":[{"href":"https:\/\/www.chateau-stmaurice.ch\/site\/wp-json\/wp\/v2\/pages\/24082"}],"collection":[{"href":"https:\/\/www.chateau-stmaurice.ch\/site\/wp-json\/wp\/v2\/pages"}],"about":[{"href":"https:\/\/www.chateau-stmaurice.ch\/site\/wp-json\/wp\/v2\/types\/page"}],"author":[{"embeddable":true,"href":"https:\/\/www.chateau-stmaurice.ch\/site\/wp-json\/wp\/v2\/users\/3"}],"replies":[{"embeddable":true,"href":"https:\/\/www.chateau-stmaurice.ch\/site\/wp-json\/wp\/v2\/comments?post=24082"}],"version-history":[{"count":126,"href":"https:\/\/www.chateau-stmaurice.ch\/site\/wp-json\/wp\/v2\/pages\/24082\/revisions"}],"predecessor-version":[{"id":26434,"href":"https:\/\/www.chateau-stmaurice.ch\/site\/wp-json\/wp\/v2\/pages\/24082\/revisions\/26434"}],"wp:attachment":[{"href":"https:\/\/www.chateau-stmaurice.ch\/site\/wp-json\/wp\/v2\/media?parent=24082"}],"curies":[{"name":"wp","href":"https:\/\/api.w.org\/{rel}","templated":true}]}}